{"id":6089,"date":"2017-06-20T19:31:56","date_gmt":"2017-06-20T19:31:56","guid":{"rendered":"https:\/\/www.labrienville.org\/who-we-are-2\/labri-community\/"},"modified":"2025-02-26T15:22:50","modified_gmt":"2025-02-26T15:22:50","slug":"labri-community","status":"publish","type":"page","link":"https:\/\/www.labrienville.org\/fr\/who-we-are-2\/labri-community\/","title":{"rendered":"The L&rsquo;Abri Community"},"content":{"rendered":"<div class=\"wpb-content-wrapper\">[vc_row full_width=\u00a0\u00bbstretch_row_content_no_spaces\u00a0\u00bb gap=\u00a0\u00bb25&Prime; bg_type=\u00a0\u00bbbg_color\u00a0\u00bb][vc_column][vc_custom_heading text=\u00a0\u00bbTHE L&rsquo;ABRI COMMUNITY\u00a0\u00bb font_container=\u00a0\u00bbtag:h2|font_size:35px|text_align:center\u00a0\u00bb use_theme_fonts=\u00a0\u00bbyes\u00a0\u00bb css=\u00a0\u00bb\u00a0\u00bb][vc_row_inner equal_height=\u00a0\u00bbyes\u00a0\u00bb content_placement=\u00a0\u00bbmiddle\u00a0\u00bb gap=\u00a0\u00bb25&Prime; el_class=\u00a0\u00bbrr-padding rl-padding\u00a0\u00bb][vc_column_inner width=\u00a0\u00bb1\/3&Prime;][vc_column_text css=\u00a0\u00bb\u00a0\u00bb]Les membres du Conseil viennent d\u2019horizons multiples. Plusieurs font du b\u00e9n\u00e9volat aupr\u00e8s de notre client\u00e8le, et deux membres habitent nos logements lou\u00e9s. Ainsi, notre Conseil demeure au fait des besoins \u00e0 combler et profite d\u2019un vaste \u00e9ventail de points de vue. De plus, le Conseil se r\u00e9unit \u00e0 intervalles r\u00e9guliers afin de rester au courant des nouveaut\u00e9s, de suivre les travaux des coordonnatrices et des comit\u00e9s, d\u2019\u00e9changer des id\u00e9es, et d\u2019assurer la stabilit\u00e9 financi\u00e8re de l\u2019organisme.\r\n\r\nNos b\u00e9n\u00e9voles sont au c\u0153ur de notre succ\u00e8s. La plupart sont affect\u00e9s \u00e0 un logement en particulier, venant en aide \u00e0 ses trois r\u00e9sidents ou r\u00e9sidentes. D\u2019autres offrent leur soutien selon les besoins (entretien ou d\u00e9cor d\u2019appartement, accompagnement lors de sorties, conception de cartes des f\u00eates, etc.).\r\n\r\nVolunteers are at the heart of L\u2019Abri en Ville\u2019s success. Most volunteers are attached to one of the apartment teams that support each group of three residents. But others contribute on an ad-hoc basis with such things as helping with apartment repairs or redecorating, driving to special events, or advising on the artwork for holiday cards.[\/vc_column_text][\/vc_column_inner][vc_column_inner width=\u00a0\u00bb2\/3&Prime;][vc_single_image image=\u00a0\u00bb4735&Prime; img_size=\u00a0\u00bb945&#215;502&Prime; alignment=\u00a0\u00bbcenter\u00a0\u00bb onclick=\u00a0\u00bbcustom_link\u00a0\u00bb][\/vc_column_inner][\/vc_row_inner][vc_row_inner equal_height=\u00a0\u00bbyes\u00a0\u00bb content_placement=\u00a0\u00bbmiddle\u00a0\u00bb gap=\u00a0\u00bb25&Prime; css=\u00a0\u00bb.vc_custom_1597950574792{background-color: #e4e3ea !important;}\u00a0\u00bb el_class=\u00a0\u00bbrr-padding rl-padding\u00a0\u00bb][vc_column_inner][vc_column_text css=\u00a0\u00bb\u00a0\u00bb]Plusieurs\u00a0<strong>groupes<\/strong> nous viennent aussi en aide. Par exemple, certains groupes confessionnels nous pr\u00eatent des b\u00e9n\u00e9voles ou des espaces de rassemblement (y compris pour des conf\u00e9rences sur la sant\u00e9 mentale), en plus de nous aider \u00e0 recueillir des fonds. Certains clubs ou commerces nous offrent des biens et services (entreposage, livraison, imprimerie, etc.).\r\n\r\n<strong>Notre personnel<\/strong>\u00a0met \u00e0 profit ses connaissances en services communautaires de sant\u00e9 mentale. Nos coordonnatrices s\u2019occupent de la cr\u00e9ation et de la mise en \u0153uvre de notre programme, y compris\u00a0: la s\u00e9lection de la client\u00e8le; la formation et l\u2019appui aux b\u00e9n\u00e9voles; le r\u00e9seautage avec d\u2019autres organismes consacr\u00e9s \u00e0 la sant\u00e9 mentale; le suivi avec le personnel m\u00e9dical qui traite notre client\u00e8le; l\u2019assistance personnalis\u00e9e offerte \u00e0 chaque r\u00e9sident et r\u00e9sidente; et l\u2019organisation de rencontres hebdomadaires dans chaque logement.\r\n\r\nEnfin,\u00a0<strong>nos donateurs et commanditaires<\/strong>\u00a0(individus, fondations, gouvernement provincial, commerces, groupes confessionnels et autres organismes de services) partagent nos valeurs d\u2019inclusion pour tous ceux et celles que la maladie mentale a marginalis\u00e9.[\/vc_column_text][\/vc_column_inner][\/vc_row_inner][vc_row_inner equal_height=\u00a0\u00bbyes\u00a0\u00bb content_placement=\u00a0\u00bbmiddle\u00a0\u00bb gap=\u00a0\u00bb25&Prime; css=\u00a0\u00bb.vc_custom_1597430395347{background-color: #e4e3ea !important;}\u00a0\u00bb el_class=\u00a0\u00bbrr-padding rl-padding\u00a0\u00bb][vc_column_inner width=\u00a0\u00bb1\/3&Prime;][\/vc_column_inner][vc_column_inner width=\u00a0\u00bb2\/3&Prime; css=\u00a0\u00bb.vc_custom_1597430368319{margin-top: -47px !important;margin-bottom: -47px !important;background-position: center !important;background-repeat: no-repeat !important;background-size: cover !important;}\u00a0\u00bb][\/vc_column_inner][\/vc_row_inner][\/vc_column][\/vc_row]<\/div>","protected":false},"excerpt":{"rendered":"[vc_row full_width=\u00a0\u00bbstretch_row_content_no_spaces\u00a0\u00bb gap=\u00a0\u00bb25&Prime; [&#8230;]","protected":false},"author":1,"featured_media":6001,"parent":6082,"menu_order":2,"comment_status":"closed","ping_status":"closed","template":"","meta":{"_acf_changed":false,"footnotes":""},"class_list":["post-6089","page","type-page","status-publish","has-post-thumbnail","hentry"],"acf":[],"yoast_head":"<!-- This site is optimized with the Yoast SEO plugin v27.4 - https:\/\/yoast.com\/product\/yoast-seo-wordpress\/ -->\n<title>The L&#039;Abri Community - L&#039;Abri en Ville<\/title>\n<meta name=\"robots\" content=\"index, follow, max-snippet:-1, max-image-preview:large, max-video-preview:-1\" \/>\n<link rel=\"canonical\" href=\"https:\/\/www.labrienville.org\/fr\/who-we-are-2\/labri-community\/\" \/>\n<meta property=\"og:locale\" content=\"fr_FR\" \/>\n<meta property=\"og:type\" content=\"article\" \/>\n<meta property=\"og:title\" content=\"The L&#039;Abri Community - L&#039;Abri en Ville\" \/>\n<meta property=\"og:description\" content=\"[vc_row full_width=\u00a0\u00bbstretch_row_content_no_spaces\u00a0\u00bb gap=\u00a0\u00bb25&Prime; [...]\" \/>\n<meta property=\"og:url\" content=\"https:\/\/www.labrienville.org\/fr\/who-we-are-2\/labri-community\/\" \/>\n<meta property=\"og:site_name\" content=\"L&#039;Abri en Ville\" \/>\n<meta property=\"article:modified_time\" content=\"2025-02-26T15:22:50+00:00\" \/>\n<meta property=\"og:image\" content=\"https:\/\/www.labrienville.org\/wp-content\/uploads\/2020\/08\/community-header.jpg\" \/>\n\t<meta property=\"og:image:width\" content=\"1750\" \/>\n\t<meta property=\"og:image:height\" content=\"588\" \/>\n\t<meta property=\"og:image:type\" content=\"image\/jpeg\" \/>\n<meta name=\"twitter:card\" content=\"summary_large_image\" \/>\n<meta name=\"twitter:label1\" content=\"Dur\u00e9e de lecture estim\u00e9e\" \/>\n\t<meta name=\"twitter:data1\" content=\"3 minutes\" \/>\n<script type=\"application\/ld+json\" class=\"yoast-schema-graph\">{\"@context\":\"https:\\\/\\\/schema.org\",\"@graph\":[{\"@type\":\"WebPage\",\"@id\":\"https:\\\/\\\/www.labrienville.org\\\/fr\\\/who-we-are-2\\\/labri-community\\\/\",\"url\":\"https:\\\/\\\/www.labrienville.org\\\/fr\\\/who-we-are-2\\\/labri-community\\\/\",\"name\":\"The L'Abri Community - L&#039;Abri en Ville\",\"isPartOf\":{\"@id\":\"https:\\\/\\\/www.labrienville.org\\\/fr\\\/#website\"},\"primaryImageOfPage\":{\"@id\":\"https:\\\/\\\/www.labrienville.org\\\/fr\\\/who-we-are-2\\\/labri-community\\\/#primaryimage\"},\"image\":{\"@id\":\"https:\\\/\\\/www.labrienville.org\\\/fr\\\/who-we-are-2\\\/labri-community\\\/#primaryimage\"},\"thumbnailUrl\":\"https:\\\/\\\/www.labrienville.org\\\/wp-content\\\/uploads\\\/2020\\\/08\\\/community-header.jpg\",\"datePublished\":\"2017-06-20T19:31:56+00:00\",\"dateModified\":\"2025-02-26T15:22:50+00:00\",\"breadcrumb\":{\"@id\":\"https:\\\/\\\/www.labrienville.org\\\/fr\\\/who-we-are-2\\\/labri-community\\\/#breadcrumb\"},\"inLanguage\":\"fr-FR\",\"potentialAction\":[{\"@type\":\"ReadAction\",\"target\":[\"https:\\\/\\\/www.labrienville.org\\\/fr\\\/who-we-are-2\\\/labri-community\\\/\"]}]},{\"@type\":\"ImageObject\",\"inLanguage\":\"fr-FR\",\"@id\":\"https:\\\/\\\/www.labrienville.org\\\/fr\\\/who-we-are-2\\\/labri-community\\\/#primaryimage\",\"url\":\"https:\\\/\\\/www.labrienville.org\\\/wp-content\\\/uploads\\\/2020\\\/08\\\/community-header.jpg\",\"contentUrl\":\"https:\\\/\\\/www.labrienville.org\\\/wp-content\\\/uploads\\\/2020\\\/08\\\/community-header.jpg\",\"width\":1750,\"height\":588},{\"@type\":\"BreadcrumbList\",\"@id\":\"https:\\\/\\\/www.labrienville.org\\\/fr\\\/who-we-are-2\\\/labri-community\\\/#breadcrumb\",\"itemListElement\":[{\"@type\":\"ListItem\",\"position\":1,\"name\":\"Home\",\"item\":\"https:\\\/\\\/www.labrienville.org\\\/fr\\\/\"},{\"@type\":\"ListItem\",\"position\":2,\"name\":\"The L&rsquo;Abri Community\"}]},{\"@type\":\"WebSite\",\"@id\":\"https:\\\/\\\/www.labrienville.org\\\/fr\\\/#website\",\"url\":\"https:\\\/\\\/www.labrienville.org\\\/fr\\\/\",\"name\":\"L&#039;Abri en Ville\",\"description\":\"\",\"potentialAction\":[{\"@type\":\"SearchAction\",\"target\":{\"@type\":\"EntryPoint\",\"urlTemplate\":\"https:\\\/\\\/www.labrienville.org\\\/fr\\\/?s={search_term_string}\"},\"query-input\":{\"@type\":\"PropertyValueSpecification\",\"valueRequired\":true,\"valueName\":\"search_term_string\"}}],\"inLanguage\":\"fr-FR\"}]}<\/script>\n<!-- \/ Yoast SEO plugin. -->","yoast_head_json":{"title":"The L'Abri Community - L&#039;Abri en Ville","robots":{"index":"index","follow":"follow","max-snippet":"max-snippet:-1","max-image-preview":"max-image-preview:large","max-video-preview":"max-video-preview:-1"},"canonical":"https:\/\/www.labrienville.org\/fr\/who-we-are-2\/labri-community\/","og_locale":"fr_FR","og_type":"article","og_title":"The L'Abri Community - L&#039;Abri en Ville","og_description":"[vc_row full_width=\u00a0\u00bbstretch_row_content_no_spaces\u00a0\u00bb gap=\u00a0\u00bb25&Prime; [...]","og_url":"https:\/\/www.labrienville.org\/fr\/who-we-are-2\/labri-community\/","og_site_name":"L&#039;Abri en Ville","article_modified_time":"2025-02-26T15:22:50+00:00","og_image":[{"width":1750,"height":588,"url":"https:\/\/www.labrienville.org\/wp-content\/uploads\/2020\/08\/community-header.jpg","type":"image\/jpeg"}],"twitter_card":"summary_large_image","twitter_misc":{"Dur\u00e9e de lecture estim\u00e9e":"3 minutes"},"schema":{"@context":"https:\/\/schema.org","@graph":[{"@type":"WebPage","@id":"https:\/\/www.labrienville.org\/fr\/who-we-are-2\/labri-community\/","url":"https:\/\/www.labrienville.org\/fr\/who-we-are-2\/labri-community\/","name":"The L'Abri Community - L&#039;Abri en Ville","isPartOf":{"@id":"https:\/\/www.labrienville.org\/fr\/#website"},"primaryImageOfPage":{"@id":"https:\/\/www.labrienville.org\/fr\/who-we-are-2\/labri-community\/#primaryimage"},"image":{"@id":"https:\/\/www.labrienville.org\/fr\/who-we-are-2\/labri-community\/#primaryimage"},"thumbnailUrl":"https:\/\/www.labrienville.org\/wp-content\/uploads\/2020\/08\/community-header.jpg","datePublished":"2017-06-20T19:31:56+00:00","dateModified":"2025-02-26T15:22:50+00:00","breadcrumb":{"@id":"https:\/\/www.labrienville.org\/fr\/who-we-are-2\/labri-community\/#breadcrumb"},"inLanguage":"fr-FR","potentialAction":[{"@type":"ReadAction","target":["https:\/\/www.labrienville.org\/fr\/who-we-are-2\/labri-community\/"]}]},{"@type":"ImageObject","inLanguage":"fr-FR","@id":"https:\/\/www.labrienville.org\/fr\/who-we-are-2\/labri-community\/#primaryimage","url":"https:\/\/www.labrienville.org\/wp-content\/uploads\/2020\/08\/community-header.jpg","contentUrl":"https:\/\/www.labrienville.org\/wp-content\/uploads\/2020\/08\/community-header.jpg","width":1750,"height":588},{"@type":"BreadcrumbList","@id":"https:\/\/www.labrienville.org\/fr\/who-we-are-2\/labri-community\/#breadcrumb","itemListElement":[{"@type":"ListItem","position":1,"name":"Home","item":"https:\/\/www.labrienville.org\/fr\/"},{"@type":"ListItem","position":2,"name":"The L&rsquo;Abri Community"}]},{"@type":"WebSite","@id":"https:\/\/www.labrienville.org\/fr\/#website","url":"https:\/\/www.labrienville.org\/fr\/","name":"L&#039;Abri en Ville","description":"","potentialAction":[{"@type":"SearchAction","target":{"@type":"EntryPoint","urlTemplate":"https:\/\/www.labrienville.org\/fr\/?s={search_term_string}"},"query-input":{"@type":"PropertyValueSpecification","valueRequired":true,"valueName":"search_term_string"}}],"inLanguage":"fr-FR"}]}},"_links":{"self":[{"href":"https:\/\/www.labrienville.org\/fr\/wp-json\/wp\/v2\/pages\/6089","targetHints":{"allow":["GET"]}}],"collection":[{"href":"https:\/\/www.labrienville.org\/fr\/wp-json\/wp\/v2\/pages"}],"about":[{"href":"https:\/\/www.labrienville.org\/fr\/wp-json\/wp\/v2\/types\/page"}],"author":[{"embeddable":true,"href":"https:\/\/www.labrienville.org\/fr\/wp-json\/wp\/v2\/users\/1"}],"replies":[{"embeddable":true,"href":"https:\/\/www.labrienville.org\/fr\/wp-json\/wp\/v2\/comments?post=6089"}],"version-history":[{"count":0,"href":"https:\/\/www.labrienville.org\/fr\/wp-json\/wp\/v2\/pages\/6089\/revisions"}],"up":[{"embeddable":true,"href":"https:\/\/www.labrienville.org\/fr\/wp-json\/wp\/v2\/pages\/6082"}],"wp:featuredmedia":[{"embeddable":true,"href":"https:\/\/www.labrienville.org\/fr\/wp-json\/wp\/v2\/media\/6001"}],"wp:attachment":[{"href":"https:\/\/www.labrienville.org\/fr\/wp-json\/wp\/v2\/media?parent=6089"}],"curies":[{"name":"wp","href":"https:\/\/api.w.org\/{rel}","templated":true}]}}