{"id":6091,"date":"2016-09-01T15:21:04","date_gmt":"2016-09-01T15:21:04","guid":{"rendered":"https:\/\/www.labrienville.org\/who-we-are-2\/the-labri-en-ville-network\/"},"modified":"2025-02-26T15:29:03","modified_gmt":"2025-02-26T15:29:03","slug":"the-labri-en-ville-network","status":"publish","type":"page","link":"https:\/\/www.labrienville.org\/fr\/who-we-are-2\/the-labri-en-ville-network\/","title":{"rendered":"The L&rsquo;Abri en Ville Network"},"content":{"rendered":"<div class=\"wpb-content-wrapper\">[vc_row full_width=\u00a0\u00bbstretch_row_content_no_spaces\u00a0\u00bb el_class=\u00a0\u00bbrr-padding rl-padding\u00a0\u00bb][vc_column][vc_empty_space height=\u00a0\u00bb25px\u00a0\u00bb][vc_custom_heading text=\u00a0\u00bbNOTRE R\u00c9SEAU\u00a0\u00bb font_container=\u00a0\u00bbtag:h2|font_size:35|text_align:center\u00a0\u00bb use_theme_fonts=\u00a0\u00bbyes\u00a0\u00bb css=\u00a0\u00bb\u00a0\u00bb][vc_empty_space height=\u00a0\u00bb25px\u00a0\u00bb][vc_row_inner equal_height=\u00a0\u00bbyes\u00a0\u00bb content_placement=\u00a0\u00bbmiddle\u00a0\u00bb][vc_column_inner width=\u00a0\u00bb1\/2&Prime;][vc_column_text css=\u00a0\u00bb\u00a0\u00bb]La simplicit\u00e9 de notre mod\u00e8le a attir\u00e9 des adeptes d\u2019autres r\u00e9gions avec des besoins semblables. Nous leur avons donc pr\u00eat\u00e9 main forte pour d\u00e9marrer leur propre programme.\r\n\r\n<strong>Les toits d\u2019\u00c9mile<\/strong>\u00a0a vu le jour en 2002 \u00e0 Ch\u00e2teauguay;\u00a0<strong>Le havre<\/strong>\u00a0en 2004 \u00e0 St-Lambert; et <strong>Ancoura<\/strong>\u00a0en 2007 \u00e0 Ottawa. Tous ensemble, nous constituons maintenant le R\u00e9seau de L\u2019Abri, afin de s\u2019appuyer les uns les autres dans le cadre de nos nombreux projets.[\/vc_column_text][\/vc_column_inner][vc_column_inner width=\u00a0\u00bb1\/2&Prime;][vc_single_image image=\u00a0\u00bb4745&Prime; img_size=\u00a0\u00bbfull\u00a0\u00bb alignment=\u00a0\u00bbcenter\u00a0\u00bb][\/vc_column_inner][\/vc_row_inner][\/vc_column][\/vc_row][vc_row full_width=\u00a0\u00bbstretch_row_content_no_spaces\u00a0\u00bb gap=\u00a0\u00bb35&Prime; bg_type=\u00a0\u00bbbg_color\u00a0\u00bb el_class=\u00a0\u00bbrr-padding rl-padding\u00a0\u00bb bg_color_value=\u00a0\u00bb#e4e3ea\u00a0\u00bb][vc_column width=\u00a0\u00bb1\/2&Prime;][vc_single_image image=\u00a0\u00bb4744&Prime; img_size=\u00a0\u00bbfull\u00a0\u00bb alignment=\u00a0\u00bbcenter\u00a0\u00bb][\/vc_column][vc_column width=\u00a0\u00bb1\/2&Prime;][vc_column_text css=\u00a0\u00bb\u00a0\u00bb]Le havre offre un programme de logement \u00e0 long terme abordable et attentionn\u00e9 sur la Rive-Sud de Montr\u00e9al pour les personnes de divers horizons vivant avec des probl\u00e8mes de sant\u00e9 mentale. Nous offrons un soutien \u00e0 la gestion de la vie, des liens avec les ressources de la communaut\u00e9 environnante et une assistance individuelle pour l&rsquo;int\u00e9gration dans la soci\u00e9t\u00e9. Le havre sensibilise \u00e9galement la communaut\u00e9 au sujet de la sant\u00e9 mentale.\r\n\r\n95, av. Lorne\r\nSt-Lambert QC\r\nJ4P 2G7\r\n450-671-9160\r\n<a href=\"https:\/\/ourharbour.org\/\" target=\"_blank\" rel=\"noopener\"><u>ourharbour.org<\/u><\/a>[\/vc_column_text][\/vc_column][\/vc_row][vc_row full_width=\u00a0\u00bbstretch_row_content_no_spaces\u00a0\u00bb el_class=\u00a0\u00bbrr-padding rl-padding\u00a0\u00bb][vc_column][vc_row_inner equal_height=\u00a0\u00bbyes\u00a0\u00bb content_placement=\u00a0\u00bbmiddle\u00a0\u00bb][vc_column_inner width=\u00a0\u00bb1\/2&Prime;][vc_column_text css=\u00a0\u00bb\u00a0\u00bb]\r\n<div class=\"wpb_text_column wpb_content_element \">\r\n<div class=\"wpb_wrapper\">\r\n\r\nLa mission d\u2019Ancoura est de cr\u00e9er un environnement dans lequel les adultes aux prises avec des troubles mentaux peuvent grandir et s\u2019\u00e9panouir, en profitant notamment d\u2019un logement stable et abordable et d\u2019une communaut\u00e9 bienveillante.\r\n\r\n30 av. Cleary\r\nOttawa ON\r\nK2A 4A1\r\n613-233-8130\r\n<a href=\"https:\/\/ancoura.ca\/\" target=\"_blank\" rel=\"noopener\">ancoura.ca<\/a>\r\n\r\n<\/div>\r\n<\/div>\r\n[\/vc_column_text][\/vc_column_inner][vc_column_inner width=\u00a0\u00bb1\/2&Prime;][vc_single_image image=\u00a0\u00bb4757&Prime; img_size=\u00a0\u00bbfull\u00a0\u00bb alignment=\u00a0\u00bbcenter\u00a0\u00bb][\/vc_column_inner][\/vc_row_inner][\/vc_column][\/vc_row][vc_row full_width=\u00a0\u00bbstretch_row_content_no_spaces\u00a0\u00bb gap=\u00a0\u00bb35&Prime; content_placement=\u00a0\u00bbmiddle\u00a0\u00bb bg_type=\u00a0\u00bbbg_color\u00a0\u00bb el_class=\u00a0\u00bbrr-padding rl-padding\u00a0\u00bb bg_color_value=\u00a0\u00bb#e4e3ea\u00a0\u00bb][vc_column width=\u00a0\u00bb1\/2&Prime;][vc_single_image image=\u00a0\u00bb4743&Prime; img_size=\u00a0\u00bbfull\u00a0\u00bb alignment=\u00a0\u00bbcenter\u00a0\u00bb][\/vc_column][vc_column width=\u00a0\u00bb1\/2&Prime;][vc_column_text]Organisme communautaire offrant aux personnes ayant un probl\u00e8me de sant\u00e9 mentale des logements de qualit\u00e9 et \u00e0 long terme au sein de la communaut\u00e9 ainsi que l\u2019appui n\u00e9cessaire \u00e0 une existence autonome.\r\n\r\nT\u00e9l\u00e9phone :\r\n450 699-9292\r\nT\u00e9l\u00e9copie :\r\n450 699-1562\r\n\r\nAdresse :\r\n127, boul. Saint-Jean-Baptiste, bur. 14\r\nCh\u00e2teauguay (Qu\u00e9bec)\u00a0 J6K 3B1\r\n\r\n<a href=\"http:\/\/www.lestoitsdemile.org\" target=\"_blank\" rel=\"noopener noreferrer\">www.lestoitsdemile.org<\/a>[\/vc_column_text][\/vc_column][\/vc_row]<\/div>","protected":false},"excerpt":{"rendered":"[vc_row full_width=\u00a0\u00bbstretch_row_content_no_spaces\u00a0\u00bb el_class=\u00a0\u00bbrr-padding [&#8230;]","protected":false},"author":1,"featured_media":6003,"parent":6082,"menu_order":2,"comment_status":"closed","ping_status":"closed","template":"","meta":{"_acf_changed":false,"footnotes":""},"class_list":["post-6091","page","type-page","status-publish","has-post-thumbnail","hentry"],"acf":[],"yoast_head":"<!-- This site is optimized with the Yoast SEO plugin v27.4 - https:\/\/yoast.com\/product\/yoast-seo-wordpress\/ -->\n<title>The L&#039;Abri en Ville Network - L&#039;Abri en Ville<\/title>\n<meta name=\"robots\" content=\"index, follow, max-snippet:-1, max-image-preview:large, max-video-preview:-1\" \/>\n<link rel=\"canonical\" href=\"https:\/\/www.labrienville.org\/fr\/who-we-are-2\/the-labri-en-ville-network\/\" \/>\n<meta property=\"og:locale\" content=\"fr_FR\" \/>\n<meta property=\"og:type\" content=\"article\" \/>\n<meta property=\"og:title\" content=\"The L&#039;Abri en Ville Network - L&#039;Abri en Ville\" \/>\n<meta property=\"og:description\" content=\"[vc_row full_width=\u00a0\u00bbstretch_row_content_no_spaces\u00a0\u00bb el_class=\u00a0\u00bbrr-padding [...]\" \/>\n<meta property=\"og:url\" content=\"https:\/\/www.labrienville.org\/fr\/who-we-are-2\/the-labri-en-ville-network\/\" \/>\n<meta property=\"og:site_name\" content=\"L&#039;Abri en Ville\" \/>\n<meta property=\"article:modified_time\" content=\"2025-02-26T15:29:03+00:00\" \/>\n<meta property=\"og:image\" content=\"https:\/\/www.labrienville.org\/wp-content\/uploads\/2020\/08\/network-header.jpg\" \/>\n\t<meta property=\"og:image:width\" content=\"1750\" \/>\n\t<meta property=\"og:image:height\" content=\"588\" \/>\n\t<meta property=\"og:image:type\" content=\"image\/jpeg\" \/>\n<meta name=\"twitter:card\" content=\"summary_large_image\" \/>\n<meta name=\"twitter:label1\" content=\"Dur\u00e9e de lecture estim\u00e9e\" \/>\n\t<meta name=\"twitter:data1\" content=\"3 minutes\" \/>\n<script type=\"application\/ld+json\" class=\"yoast-schema-graph\">{\"@context\":\"https:\\\/\\\/schema.org\",\"@graph\":[{\"@type\":\"WebPage\",\"@id\":\"https:\\\/\\\/www.labrienville.org\\\/fr\\\/who-we-are-2\\\/the-labri-en-ville-network\\\/\",\"url\":\"https:\\\/\\\/www.labrienville.org\\\/fr\\\/who-we-are-2\\\/the-labri-en-ville-network\\\/\",\"name\":\"The L'Abri en Ville Network - L&#039;Abri en Ville\",\"isPartOf\":{\"@id\":\"https:\\\/\\\/www.labrienville.org\\\/fr\\\/#website\"},\"primaryImageOfPage\":{\"@id\":\"https:\\\/\\\/www.labrienville.org\\\/fr\\\/who-we-are-2\\\/the-labri-en-ville-network\\\/#primaryimage\"},\"image\":{\"@id\":\"https:\\\/\\\/www.labrienville.org\\\/fr\\\/who-we-are-2\\\/the-labri-en-ville-network\\\/#primaryimage\"},\"thumbnailUrl\":\"https:\\\/\\\/www.labrienville.org\\\/wp-content\\\/uploads\\\/2020\\\/08\\\/network-header.jpg\",\"datePublished\":\"2016-09-01T15:21:04+00:00\",\"dateModified\":\"2025-02-26T15:29:03+00:00\",\"breadcrumb\":{\"@id\":\"https:\\\/\\\/www.labrienville.org\\\/fr\\\/who-we-are-2\\\/the-labri-en-ville-network\\\/#breadcrumb\"},\"inLanguage\":\"fr-FR\",\"potentialAction\":[{\"@type\":\"ReadAction\",\"target\":[\"https:\\\/\\\/www.labrienville.org\\\/fr\\\/who-we-are-2\\\/the-labri-en-ville-network\\\/\"]}]},{\"@type\":\"ImageObject\",\"inLanguage\":\"fr-FR\",\"@id\":\"https:\\\/\\\/www.labrienville.org\\\/fr\\\/who-we-are-2\\\/the-labri-en-ville-network\\\/#primaryimage\",\"url\":\"https:\\\/\\\/www.labrienville.org\\\/wp-content\\\/uploads\\\/2020\\\/08\\\/network-header.jpg\",\"contentUrl\":\"https:\\\/\\\/www.labrienville.org\\\/wp-content\\\/uploads\\\/2020\\\/08\\\/network-header.jpg\",\"width\":1750,\"height\":588},{\"@type\":\"BreadcrumbList\",\"@id\":\"https:\\\/\\\/www.labrienville.org\\\/fr\\\/who-we-are-2\\\/the-labri-en-ville-network\\\/#breadcrumb\",\"itemListElement\":[{\"@type\":\"ListItem\",\"position\":1,\"name\":\"Home\",\"item\":\"https:\\\/\\\/www.labrienville.org\\\/fr\\\/\"},{\"@type\":\"ListItem\",\"position\":2,\"name\":\"The L&rsquo;Abri en Ville Network\"}]},{\"@type\":\"WebSite\",\"@id\":\"https:\\\/\\\/www.labrienville.org\\\/fr\\\/#website\",\"url\":\"https:\\\/\\\/www.labrienville.org\\\/fr\\\/\",\"name\":\"L&#039;Abri en Ville\",\"description\":\"\",\"potentialAction\":[{\"@type\":\"SearchAction\",\"target\":{\"@type\":\"EntryPoint\",\"urlTemplate\":\"https:\\\/\\\/www.labrienville.org\\\/fr\\\/?s={search_term_string}\"},\"query-input\":{\"@type\":\"PropertyValueSpecification\",\"valueRequired\":true,\"valueName\":\"search_term_string\"}}],\"inLanguage\":\"fr-FR\"}]}<\/script>\n<!-- \/ Yoast SEO plugin. -->","yoast_head_json":{"title":"The L'Abri en Ville Network - L&#039;Abri en Ville","robots":{"index":"index","follow":"follow","max-snippet":"max-snippet:-1","max-image-preview":"max-image-preview:large","max-video-preview":"max-video-preview:-1"},"canonical":"https:\/\/www.labrienville.org\/fr\/who-we-are-2\/the-labri-en-ville-network\/","og_locale":"fr_FR","og_type":"article","og_title":"The L'Abri en Ville Network - L&#039;Abri en Ville","og_description":"[vc_row full_width=\u00a0\u00bbstretch_row_content_no_spaces\u00a0\u00bb el_class=\u00a0\u00bbrr-padding [...]","og_url":"https:\/\/www.labrienville.org\/fr\/who-we-are-2\/the-labri-en-ville-network\/","og_site_name":"L&#039;Abri en Ville","article_modified_time":"2025-02-26T15:29:03+00:00","og_image":[{"width":1750,"height":588,"url":"https:\/\/www.labrienville.org\/wp-content\/uploads\/2020\/08\/network-header.jpg","type":"image\/jpeg"}],"twitter_card":"summary_large_image","twitter_misc":{"Dur\u00e9e de lecture estim\u00e9e":"3 minutes"},"schema":{"@context":"https:\/\/schema.org","@graph":[{"@type":"WebPage","@id":"https:\/\/www.labrienville.org\/fr\/who-we-are-2\/the-labri-en-ville-network\/","url":"https:\/\/www.labrienville.org\/fr\/who-we-are-2\/the-labri-en-ville-network\/","name":"The L'Abri en Ville Network - L&#039;Abri en Ville","isPartOf":{"@id":"https:\/\/www.labrienville.org\/fr\/#website"},"primaryImageOfPage":{"@id":"https:\/\/www.labrienville.org\/fr\/who-we-are-2\/the-labri-en-ville-network\/#primaryimage"},"image":{"@id":"https:\/\/www.labrienville.org\/fr\/who-we-are-2\/the-labri-en-ville-network\/#primaryimage"},"thumbnailUrl":"https:\/\/www.labrienville.org\/wp-content\/uploads\/2020\/08\/network-header.jpg","datePublished":"2016-09-01T15:21:04+00:00","dateModified":"2025-02-26T15:29:03+00:00","breadcrumb":{"@id":"https:\/\/www.labrienville.org\/fr\/who-we-are-2\/the-labri-en-ville-network\/#breadcrumb"},"inLanguage":"fr-FR","potentialAction":[{"@type":"ReadAction","target":["https:\/\/www.labrienville.org\/fr\/who-we-are-2\/the-labri-en-ville-network\/"]}]},{"@type":"ImageObject","inLanguage":"fr-FR","@id":"https:\/\/www.labrienville.org\/fr\/who-we-are-2\/the-labri-en-ville-network\/#primaryimage","url":"https:\/\/www.labrienville.org\/wp-content\/uploads\/2020\/08\/network-header.jpg","contentUrl":"https:\/\/www.labrienville.org\/wp-content\/uploads\/2020\/08\/network-header.jpg","width":1750,"height":588},{"@type":"BreadcrumbList","@id":"https:\/\/www.labrienville.org\/fr\/who-we-are-2\/the-labri-en-ville-network\/#breadcrumb","itemListElement":[{"@type":"ListItem","position":1,"name":"Home","item":"https:\/\/www.labrienville.org\/fr\/"},{"@type":"ListItem","position":2,"name":"The L&rsquo;Abri en Ville Network"}]},{"@type":"WebSite","@id":"https:\/\/www.labrienville.org\/fr\/#website","url":"https:\/\/www.labrienville.org\/fr\/","name":"L&#039;Abri en Ville","description":"","potentialAction":[{"@type":"SearchAction","target":{"@type":"EntryPoint","urlTemplate":"https:\/\/www.labrienville.org\/fr\/?s={search_term_string}"},"query-input":{"@type":"PropertyValueSpecification","valueRequired":true,"valueName":"search_term_string"}}],"inLanguage":"fr-FR"}]}},"_links":{"self":[{"href":"https:\/\/www.labrienville.org\/fr\/wp-json\/wp\/v2\/pages\/6091","targetHints":{"allow":["GET"]}}],"collection":[{"href":"https:\/\/www.labrienville.org\/fr\/wp-json\/wp\/v2\/pages"}],"about":[{"href":"https:\/\/www.labrienville.org\/fr\/wp-json\/wp\/v2\/types\/page"}],"author":[{"embeddable":true,"href":"https:\/\/www.labrienville.org\/fr\/wp-json\/wp\/v2\/users\/1"}],"replies":[{"embeddable":true,"href":"https:\/\/www.labrienville.org\/fr\/wp-json\/wp\/v2\/comments?post=6091"}],"version-history":[{"count":0,"href":"https:\/\/www.labrienville.org\/fr\/wp-json\/wp\/v2\/pages\/6091\/revisions"}],"up":[{"embeddable":true,"href":"https:\/\/www.labrienville.org\/fr\/wp-json\/wp\/v2\/pages\/6082"}],"wp:featuredmedia":[{"embeddable":true,"href":"https:\/\/www.labrienville.org\/fr\/wp-json\/wp\/v2\/media\/6003"}],"wp:attachment":[{"href":"https:\/\/www.labrienville.org\/fr\/wp-json\/wp\/v2\/media?parent=6091"}],"curies":[{"name":"wp","href":"https:\/\/api.w.org\/{rel}","templated":true}]}}