{"id":6125,"date":"2021-11-30T19:20:22","date_gmt":"2021-11-30T19:20:22","guid":{"rendered":"https:\/\/www.labrienville.org\/celebrating-30-years\/"},"modified":"2025-02-26T16:59:37","modified_gmt":"2025-02-26T16:59:37","slug":"celebrating-30-years","status":"publish","type":"page","link":"https:\/\/www.labrienville.org\/fr\/celebrating-30-years\/","title":{"rendered":"Celebrating 30 Years"},"content":{"rendered":"<div class=\"wpb-content-wrapper\">[vc_row full_width=\u00a0\u00bbstretch_row_content_no_spaces\u00a0\u00bb gap=\u00a0\u00bb25&Prime; bg_type=\u00a0\u00bbbg_color\u00a0\u00bb el_class=\u00a0\u00bbrr-padding rl-padding\u00a0\u00bb][vc_column][vc_custom_heading text=\u00a0\u00bb30 ANS, \u00c7A SE F\u00caTE!\u00a0\u00bb font_container=\u00a0\u00bbtag:h2|font_size:35|text_align:center|color:%23000000&Prime; use_theme_fonts=\u00a0\u00bbyes\u00a0\u00bb css=\u00a0\u00bb\u00a0\u00bb][vc_empty_space height=\u00a0\u00bb25px\u00a0\u00bb][vc_row_inner equal_height=\u00a0\u00bbyes\u00a0\u00bb content_placement=\u00a0\u00bbtop\u00a0\u00bb gap=\u00a0\u00bb25&Prime;][vc_column_inner width=\u00a0\u00bb1\/2&Prime; css=\u00a0\u00bb.vc_custom_1638303120633{padding-right: 25px !important;padding-left: 25px !important;background-color: #e4e3ea !important;}\u00a0\u00bb][vc_video link=\u00a0\u00bbhttps:\/\/www.youtube.com\/watch?v=BXqtAuUEuDY\u00a0\u00bb align=\u00a0\u00bbcenter\u00a0\u00bb][vc_column_text css=\u00a0\u00bb\u00a0\u00bb]<strong>\u00ab\u00a0Finding a Home in the City<\/strong>: The Beginnings of L\u2019Abri en Ville\u00a0\u00bb est le premier de 4 webinaires con\u00e7us pour souligner notre 30<sup>e<\/sup> anniversaire. L\u2019Abri en Ville est un OSBL communautaire situ\u00e9 \u00e0 Montr\u00e9al (Qu\u00e9bec), au Canada. Ce webinaire explore l\u2019histoire et l\u2019\u00e9volution de L\u2019Abri. Au programme\u00a0: pr\u00e9sentations multim\u00e9dias et table ronde, suivies d\u2019une p\u00e9riode de questions. Panelistes\u00a0: Bob Bassett, Jerome Kierans, Laura Loewen, Maureen Ramsey, Marjorie Sharp.\u00a0<strong>Enregistr\u00e9 le 14 avril 2021<\/strong>.[\/vc_column_text][\/vc_column_inner][vc_column_inner width=\u00a0\u00bb1\/2&Prime; css=\u00a0\u00bb.vc_custom_1638303113682{padding-right: 25px !important;padding-left: 25px !important;background-color: #e4e3ea !important;}\u00a0\u00bb][vc_video link=\u00a0\u00bbhttps:\/\/www.youtube.com\/watch?v=ZfyBp6VRATY\u00a0\u00bb align=\u00a0\u00bbcenter\u00a0\u00bb][vc_column_text css=\u00a0\u00bb\u00a0\u00bb]<strong>\u00ab\u00a030 Years of Community Support<\/strong>: The Special Relationship Between L\u2019Abri Volunteers and Residents\u00a0\u00bb est le second de 4 webinaires con\u00e7us pour souligner notre 30<sup>e<\/sup> anniversaire. L\u2019Abri en Ville est un OSBL communautaire situ\u00e9 \u00e0 Montr\u00e9al (Qu\u00e9bec), au Canada. Ce webinaire explore la relation privil\u00e9gi\u00e9e entre nos b\u00e9n\u00e9voles et notre client\u00e8le. Au programme\u00a0: pr\u00e9sentations multim\u00e9dias et table ronde, suivies d\u2019une p\u00e9riode de questions. Panelistes\u00a0: Cathy DeChambeau, Nancy Grayson.\u00a0<strong>Enregistr\u00e9 le 12 mai 2021<\/strong>.[\/vc_column_text][\/vc_column_inner][\/vc_row_inner][vc_row_inner equal_height=\u00a0\u00bbyes\u00a0\u00bb content_placement=\u00a0\u00bbtop\u00a0\u00bb gap=\u00a0\u00bb25&Prime;][vc_column_inner width=\u00a0\u00bb1\/2&Prime; css=\u00a0\u00bb.vc_custom_1638303095827{padding-right: 25px !important;padding-left: 25px !important;background-color: #e4e3ea !important;}\u00a0\u00bb][vc_video link=\u00a0\u00bbhttps:\/\/www.youtube.com\/watch?v=hCAfn47mTJk\u00a0\u00bb align=\u00a0\u00bbcenter\u00a0\u00bb][vc_column_text css=\u00a0\u00bb\u00a0\u00bb]<strong>\u00ab\u00a0More than Just Fundraising\u2026:<\/strong>\u00a0Community Building Through Our Annual Citrus Sale\u00a0\u00bb est le troisi\u00e8me de 4 webinaires con\u00e7us pour souligner notre 30<sup>e<\/sup> anniversaire. L\u2019Abri en Ville est un OSBL communautaire situ\u00e9 \u00e0 Montr\u00e9al (Qu\u00e9bec), au Canada. Ce webinaire explore l\u2019histoire et l\u2019importance de notre principale activit\u00e9 de financement. Au programme\u00a0: pr\u00e9sentations multim\u00e9dias et table ronde, suivies d\u2019une p\u00e9riode de questions. Panelistes\u00a0: Sandra Baines, Marianne Metrakos.\u00a0<strong>Enregistr\u00e9 le 16 juin 2021<\/strong>.[\/vc_column_text][\/vc_column_inner][vc_column_inner width=\u00a0\u00bb1\/2&Prime; css=\u00a0\u00bb.vc_custom_1638303104246{padding-right: 25px !important;padding-left: 25px !important;background-color: #e4e3ea !important;}\u00a0\u00bb][vc_video link=\u00a0\u00bbhttps:\/\/www.youtube.com\/watch?v=wMPtQqMF5yI\u00a0\u00bb align=\u00a0\u00bbcenter\u00a0\u00bb][vc_column_text css=\u00a0\u00bb\u00a0\u00bb]<strong>\u00ab\u00a0Communities \u2013 Stronger Together<\/strong>: The L\u2019Abri en Ville Network\u00a0\u00bb est le dernier de 4 webinaires con\u00e7us pour souligner notre 30<sup>e<\/sup> anniversaire. L\u2019Abri en Ville est un OSBL communautaire situ\u00e9 \u00e0 Montr\u00e9al (Qu\u00e9bec), au Canada. Ce webinaire explore la propagation de notre mod\u00e8le d\u2019habitation aupr\u00e8s des organisations s\u0153urs de notre r\u00e9seau, soient Ancoura, Les Toits d\u2019\u00c9mile et Le h\u00e2vre. Au programme\u00a0: pr\u00e9sentations multim\u00e9dias, conf\u00e9rences et p\u00e9riode de questions. <strong>Enregistr\u00e9 le 21 juillet 2021<\/strong>.[\/vc_column_text][\/vc_column_inner][\/vc_row_inner][\/vc_column][\/vc_row]<\/div>","protected":false},"excerpt":{"rendered":"[vc_row full_width=\u00a0\u00bbstretch_row_content_no_spaces\u00a0\u00bb gap=\u00a0\u00bb25&Prime; bg_type=\u00a0\u00bbbg_color\u00a0\u00bb [&#8230;]","protected":false},"author":1,"featured_media":6038,"parent":0,"menu_order":0,"comment_status":"closed","ping_status":"closed","template":"","meta":{"_acf_changed":false,"footnotes":""},"class_list":["post-6125","page","type-page","status-publish","has-post-thumbnail","hentry"],"acf":[],"yoast_head":"<!-- This site is optimized with the Yoast SEO plugin v27.4 - https:\/\/yoast.com\/product\/yoast-seo-wordpress\/ -->\n<title>Celebrating 30 Years - L&#039;Abri en Ville<\/title>\n<meta name=\"robots\" content=\"index, follow, max-snippet:-1, max-image-preview:large, max-video-preview:-1\" \/>\n<link rel=\"canonical\" href=\"https:\/\/www.labrienville.org\/fr\/celebrating-30-years\/\" \/>\n<meta property=\"og:locale\" content=\"fr_FR\" \/>\n<meta property=\"og:type\" content=\"article\" \/>\n<meta property=\"og:title\" content=\"Celebrating 30 Years - L&#039;Abri en Ville\" \/>\n<meta property=\"og:description\" content=\"[vc_row full_width=\u00a0\u00bbstretch_row_content_no_spaces\u00a0\u00bb gap=\u00a0\u00bb25&Prime; bg_type=\u00a0\u00bbbg_color\u00a0\u00bb [...]\" \/>\n<meta property=\"og:url\" content=\"https:\/\/www.labrienville.org\/fr\/celebrating-30-years\/\" \/>\n<meta property=\"og:site_name\" content=\"L&#039;Abri en Ville\" \/>\n<meta property=\"article:modified_time\" content=\"2025-02-26T16:59:37+00:00\" \/>\n<meta property=\"og:image\" content=\"https:\/\/www.labrienville.org\/wp-content\/uploads\/2021\/11\/celebrating-30-years.jpg\" \/>\n\t<meta property=\"og:image:width\" content=\"1804\" \/>\n\t<meta property=\"og:image:height\" content=\"720\" \/>\n\t<meta property=\"og:image:type\" content=\"image\/jpeg\" \/>\n<meta name=\"twitter:card\" content=\"summary_large_image\" \/>\n<meta name=\"twitter:label1\" content=\"Dur\u00e9e de lecture estim\u00e9e\" \/>\n\t<meta name=\"twitter:data1\" content=\"2 minutes\" \/>\n<script type=\"application\/ld+json\" class=\"yoast-schema-graph\">{\"@context\":\"https:\\\/\\\/schema.org\",\"@graph\":[{\"@type\":\"WebPage\",\"@id\":\"https:\\\/\\\/www.labrienville.org\\\/fr\\\/celebrating-30-years\\\/\",\"url\":\"https:\\\/\\\/www.labrienville.org\\\/fr\\\/celebrating-30-years\\\/\",\"name\":\"Celebrating 30 Years - L&#039;Abri en Ville\",\"isPartOf\":{\"@id\":\"https:\\\/\\\/www.labrienville.org\\\/fr\\\/#website\"},\"primaryImageOfPage\":{\"@id\":\"https:\\\/\\\/www.labrienville.org\\\/fr\\\/celebrating-30-years\\\/#primaryimage\"},\"image\":{\"@id\":\"https:\\\/\\\/www.labrienville.org\\\/fr\\\/celebrating-30-years\\\/#primaryimage\"},\"thumbnailUrl\":\"https:\\\/\\\/www.labrienville.org\\\/wp-content\\\/uploads\\\/2021\\\/11\\\/celebrating-30-years.jpg\",\"datePublished\":\"2021-11-30T19:20:22+00:00\",\"dateModified\":\"2025-02-26T16:59:37+00:00\",\"breadcrumb\":{\"@id\":\"https:\\\/\\\/www.labrienville.org\\\/fr\\\/celebrating-30-years\\\/#breadcrumb\"},\"inLanguage\":\"fr-FR\",\"potentialAction\":[{\"@type\":\"ReadAction\",\"target\":[\"https:\\\/\\\/www.labrienville.org\\\/fr\\\/celebrating-30-years\\\/\"]}]},{\"@type\":\"ImageObject\",\"inLanguage\":\"fr-FR\",\"@id\":\"https:\\\/\\\/www.labrienville.org\\\/fr\\\/celebrating-30-years\\\/#primaryimage\",\"url\":\"https:\\\/\\\/www.labrienville.org\\\/wp-content\\\/uploads\\\/2021\\\/11\\\/celebrating-30-years.jpg\",\"contentUrl\":\"https:\\\/\\\/www.labrienville.org\\\/wp-content\\\/uploads\\\/2021\\\/11\\\/celebrating-30-years.jpg\",\"width\":1804,\"height\":720},{\"@type\":\"BreadcrumbList\",\"@id\":\"https:\\\/\\\/www.labrienville.org\\\/fr\\\/celebrating-30-years\\\/#breadcrumb\",\"itemListElement\":[{\"@type\":\"ListItem\",\"position\":1,\"name\":\"Home\",\"item\":\"https:\\\/\\\/www.labrienville.org\\\/fr\\\/\"},{\"@type\":\"ListItem\",\"position\":2,\"name\":\"Celebrating 30 Years\"}]},{\"@type\":\"WebSite\",\"@id\":\"https:\\\/\\\/www.labrienville.org\\\/fr\\\/#website\",\"url\":\"https:\\\/\\\/www.labrienville.org\\\/fr\\\/\",\"name\":\"L&#039;Abri en Ville\",\"description\":\"\",\"potentialAction\":[{\"@type\":\"SearchAction\",\"target\":{\"@type\":\"EntryPoint\",\"urlTemplate\":\"https:\\\/\\\/www.labrienville.org\\\/fr\\\/?s={search_term_string}\"},\"query-input\":{\"@type\":\"PropertyValueSpecification\",\"valueRequired\":true,\"valueName\":\"search_term_string\"}}],\"inLanguage\":\"fr-FR\"}]}<\/script>\n<!-- \/ Yoast SEO plugin. -->","yoast_head_json":{"title":"Celebrating 30 Years - L&#039;Abri en Ville","robots":{"index":"index","follow":"follow","max-snippet":"max-snippet:-1","max-image-preview":"max-image-preview:large","max-video-preview":"max-video-preview:-1"},"canonical":"https:\/\/www.labrienville.org\/fr\/celebrating-30-years\/","og_locale":"fr_FR","og_type":"article","og_title":"Celebrating 30 Years - L&#039;Abri en Ville","og_description":"[vc_row full_width=\u00a0\u00bbstretch_row_content_no_spaces\u00a0\u00bb gap=\u00a0\u00bb25&Prime; bg_type=\u00a0\u00bbbg_color\u00a0\u00bb [...]","og_url":"https:\/\/www.labrienville.org\/fr\/celebrating-30-years\/","og_site_name":"L&#039;Abri en Ville","article_modified_time":"2025-02-26T16:59:37+00:00","og_image":[{"width":1804,"height":720,"url":"https:\/\/www.labrienville.org\/wp-content\/uploads\/2021\/11\/celebrating-30-years.jpg","type":"image\/jpeg"}],"twitter_card":"summary_large_image","twitter_misc":{"Dur\u00e9e de lecture estim\u00e9e":"2 minutes"},"schema":{"@context":"https:\/\/schema.org","@graph":[{"@type":"WebPage","@id":"https:\/\/www.labrienville.org\/fr\/celebrating-30-years\/","url":"https:\/\/www.labrienville.org\/fr\/celebrating-30-years\/","name":"Celebrating 30 Years - L&#039;Abri en Ville","isPartOf":{"@id":"https:\/\/www.labrienville.org\/fr\/#website"},"primaryImageOfPage":{"@id":"https:\/\/www.labrienville.org\/fr\/celebrating-30-years\/#primaryimage"},"image":{"@id":"https:\/\/www.labrienville.org\/fr\/celebrating-30-years\/#primaryimage"},"thumbnailUrl":"https:\/\/www.labrienville.org\/wp-content\/uploads\/2021\/11\/celebrating-30-years.jpg","datePublished":"2021-11-30T19:20:22+00:00","dateModified":"2025-02-26T16:59:37+00:00","breadcrumb":{"@id":"https:\/\/www.labrienville.org\/fr\/celebrating-30-years\/#breadcrumb"},"inLanguage":"fr-FR","potentialAction":[{"@type":"ReadAction","target":["https:\/\/www.labrienville.org\/fr\/celebrating-30-years\/"]}]},{"@type":"ImageObject","inLanguage":"fr-FR","@id":"https:\/\/www.labrienville.org\/fr\/celebrating-30-years\/#primaryimage","url":"https:\/\/www.labrienville.org\/wp-content\/uploads\/2021\/11\/celebrating-30-years.jpg","contentUrl":"https:\/\/www.labrienville.org\/wp-content\/uploads\/2021\/11\/celebrating-30-years.jpg","width":1804,"height":720},{"@type":"BreadcrumbList","@id":"https:\/\/www.labrienville.org\/fr\/celebrating-30-years\/#breadcrumb","itemListElement":[{"@type":"ListItem","position":1,"name":"Home","item":"https:\/\/www.labrienville.org\/fr\/"},{"@type":"ListItem","position":2,"name":"Celebrating 30 Years"}]},{"@type":"WebSite","@id":"https:\/\/www.labrienville.org\/fr\/#website","url":"https:\/\/www.labrienville.org\/fr\/","name":"L&#039;Abri en Ville","description":"","potentialAction":[{"@type":"SearchAction","target":{"@type":"EntryPoint","urlTemplate":"https:\/\/www.labrienville.org\/fr\/?s={search_term_string}"},"query-input":{"@type":"PropertyValueSpecification","valueRequired":true,"valueName":"search_term_string"}}],"inLanguage":"fr-FR"}]}},"_links":{"self":[{"href":"https:\/\/www.labrienville.org\/fr\/wp-json\/wp\/v2\/pages\/6125","targetHints":{"allow":["GET"]}}],"collection":[{"href":"https:\/\/www.labrienville.org\/fr\/wp-json\/wp\/v2\/pages"}],"about":[{"href":"https:\/\/www.labrienville.org\/fr\/wp-json\/wp\/v2\/types\/page"}],"author":[{"embeddable":true,"href":"https:\/\/www.labrienville.org\/fr\/wp-json\/wp\/v2\/users\/1"}],"replies":[{"embeddable":true,"href":"https:\/\/www.labrienville.org\/fr\/wp-json\/wp\/v2\/comments?post=6125"}],"version-history":[{"count":0,"href":"https:\/\/www.labrienville.org\/fr\/wp-json\/wp\/v2\/pages\/6125\/revisions"}],"wp:featuredmedia":[{"embeddable":true,"href":"https:\/\/www.labrienville.org\/fr\/wp-json\/wp\/v2\/media\/6038"}],"wp:attachment":[{"href":"https:\/\/www.labrienville.org\/fr\/wp-json\/wp\/v2\/media?parent=6125"}],"curies":[{"name":"wp","href":"https:\/\/api.w.org\/{rel}","templated":true}]}}